{"id":110,"date":"2026-01-07T08:22:53","date_gmt":"2026-01-07T08:22:53","guid":{"rendered":"https:\/\/ensemble-pour-thorigny.ovh\/?page_id=110"},"modified":"2026-03-07T06:29:38","modified_gmt":"2026-03-07T06:29:38","slug":"programme","status":"publish","type":"page","link":"https:\/\/ensemble-pour-thorigny.ovh\/index.php\/programme\/","title":{"rendered":"Programme"},"content":{"rendered":"\n<figure class=\"wp-block-gallery has-nested-images columns-default is-cropped wp-block-gallery-1 is-layout-flex wp-block-gallery-is-layout-flex\">\n<figure class=\"wp-block-image size-large is-resized\"><a href=\"http:\/\/ensemble-pour-thorigny.ovh\/wp-content\/uploads\/2026\/02\/Programme-EPT-2026.pdf\"><img loading=\"lazy\" decoding=\"async\" width=\"354\" height=\"500\" data-id=\"422\" src=\"https:\/\/ensemble-pour-thorigny.ovh\/wp-content\/uploads\/2026\/02\/Programme-EPT-2026.jpg\" alt=\"\" class=\"wp-image-422\" style=\"width:354px;height:auto\" srcset=\"https:\/\/ensemble-pour-thorigny.ovh\/wp-content\/uploads\/2026\/02\/Programme-EPT-2026.jpg 354w, https:\/\/ensemble-pour-thorigny.ovh\/wp-content\/uploads\/2026\/02\/Programme-EPT-2026-212x300.jpg 212w\" sizes=\"auto, (max-width: 354px) 100vw, 354px\" \/><\/a><figcaption class=\"wp-element-caption\">Programme \u00e0 t\u00e9l\u00e9charger<\/figcaption><\/figure>\n\n\n\n<figure class=\"wp-block-image size-large\"><a href=\"https:\/\/ensemble-pour-thorigny.ovh\/wp-content\/uploads\/2026\/03\/IMG-20260306-WA0016.jpg\" target=\"_blank\" rel=\" noreferrer noopener\"><img loading=\"lazy\" decoding=\"async\" width=\"724\" height=\"1024\" data-id=\"432\" src=\"https:\/\/ensemble-pour-thorigny.ovh\/wp-content\/uploads\/2026\/03\/IMG-20260306-WA0016-724x1024.jpg\" alt=\"\" class=\"wp-image-432\" srcset=\"https:\/\/ensemble-pour-thorigny.ovh\/wp-content\/uploads\/2026\/03\/IMG-20260306-WA0016-724x1024.jpg 724w, https:\/\/ensemble-pour-thorigny.ovh\/wp-content\/uploads\/2026\/03\/IMG-20260306-WA0016-212x300.jpg 212w, https:\/\/ensemble-pour-thorigny.ovh\/wp-content\/uploads\/2026\/03\/IMG-20260306-WA0016-768x1086.jpg 768w, https:\/\/ensemble-pour-thorigny.ovh\/wp-content\/uploads\/2026\/03\/IMG-20260306-WA0016-1086x1536.jpg 1086w, https:\/\/ensemble-pour-thorigny.ovh\/wp-content\/uploads\/2026\/03\/IMG-20260306-WA0016.jpg 1131w\" sizes=\"auto, (max-width: 724px) 100vw, 724px\" \/><\/a><figcaption class=\"wp-element-caption\">Impact budg\u00e9taire des diff\u00e9rentes listes<\/figcaption><\/figure>\n\n\n\n<figure class=\"wp-block-image size-large\"><a href=\"https:\/\/ensemble-pour-thorigny.ovh\/wp-content\/uploads\/2026\/03\/IMG-20260306-WA0017.jpg\" target=\"_blank\" rel=\" noreferrer noopener\"><img loading=\"lazy\" decoding=\"async\" width=\"724\" height=\"1024\" data-id=\"434\" src=\"https:\/\/ensemble-pour-thorigny.ovh\/wp-content\/uploads\/2026\/03\/IMG-20260306-WA0017-724x1024.jpg\" alt=\"\" class=\"wp-image-434\" srcset=\"https:\/\/ensemble-pour-thorigny.ovh\/wp-content\/uploads\/2026\/03\/IMG-20260306-WA0017-724x1024.jpg 724w, https:\/\/ensemble-pour-thorigny.ovh\/wp-content\/uploads\/2026\/03\/IMG-20260306-WA0017-212x300.jpg 212w, https:\/\/ensemble-pour-thorigny.ovh\/wp-content\/uploads\/2026\/03\/IMG-20260306-WA0017-768x1086.jpg 768w, https:\/\/ensemble-pour-thorigny.ovh\/wp-content\/uploads\/2026\/03\/IMG-20260306-WA0017-1086x1536.jpg 1086w, https:\/\/ensemble-pour-thorigny.ovh\/wp-content\/uploads\/2026\/03\/IMG-20260306-WA0017.jpg 1131w\" sizes=\"auto, (max-width: 724px) 100vw, 724px\" \/><\/a><figcaption class=\"wp-element-caption\">Comparatif budg\u00e9taire des diff\u00e9rentes listes<\/figcaption><\/figure>\n<\/figure>\n\n\n\n<p data-wp-context---core-fit-text=\"core\/fit-text::{&quot;fontSize&quot;:&quot;&quot;}\" data-wp-init---core-fit-text=\"core\/fit-text::callbacks.init\" data-wp-interactive data-wp-style--font-size=\"core\/fit-text::context.fontSize\" class=\"has-fit-text\"><strong>PREAMBULE<\/strong><\/p>\n\n\n\n<p><strong>AGIR MAINTENANT POUR REUSSIR ENSEMBLE LE THORIGNY DES ANNEES 2030<\/strong><\/p>\n\n\n\n<p><strong>NOTRE MANIFESTE POUR LES MUNICIPALES 2026<\/strong><\/p>\n\n\n\n<p><strong>QUI SOMMES-NOUS&nbsp;?<\/strong><\/p>\n\n\n\n<p>Ensemble pour Thorigny est une association politique locale, ind\u00e9pendante de tout parti national, qui rassemble des femmes et des hommes de gauche, du centre et de la droite, ainsi que des personnes sans pr\u00e9f\u00e9rence partisane.<\/p>\n\n\n\n<p>Nous construisons en notre sein les consensus qui permettent de d\u00e9fendre les int\u00e9r\u00eats de notre commune en \u00e9tant repr\u00e9sentatifs de diff\u00e9rentes sensibilit\u00e9s et de tous les quartiers.<\/p>\n\n\n\n<p>Nous avons soutenu la majorit\u00e9 municipale sortante et assumons le bilan du mandat 2020-2026. Nous poursuivrons son action tout en la renouvelant et en innovant afin de r\u00e9pondre aux d\u00e9fis des prochaines ann\u00e9es.<\/p>\n\n\n\n<p><strong>NOTRE AMBITION EST LOCALE, NOTRE VISION EST GLOBALE<\/strong><\/p>\n\n\n\n<p>Thorigny doit continuer \u00e0 \u00eatre la commune r\u00e9sidentielle, paisible et agr\u00e9able qu\u2019elle est actuellement en profitant de sa situation privil\u00e9gi\u00e9e en grande couronne francilienne.<\/p>\n\n\n\n<p>En 2020, Thorigny a atteint pour la premi\u00e8re fois la barre des 10 000 habitants. Depuis, la population est stable, gr\u00e2ce \u00e0 l\u2019arriv\u00e9e de nouveaux habitants et \u00e0 une mod\u00e9ration dans les nouvelles constructions. Mais cette stabilit\u00e9 n\u2019est qu\u2019apparente&nbsp;: 1 habitant sur 3 n\u2019habitait pas la commune il y a cinq ans. Il existe donc tout autant un enjeu de ma\u00eetrise de notre urbanisation que de pr\u00e9servation des \u00e9quilibres entre tous les quartiers.<\/p>\n\n\n\n<p>C\u2019est la raison pour laquelle nous voulons voir plus grand&nbsp;: en continuant \u00e0 \u00eatre pr\u00e9sents dans tous les organismes intercommunaux et surtout en veillant \u00e0 affirmer le mod\u00e8le de notre ville&nbsp;: Thorigny propose un cadre de vie de grande qualit\u00e9, naturellement attractif, \u00e0 seulement 30 minutes de Paris.<\/p>\n\n\n\n<p>Voil\u00e0 pourquoi nous devons continuer \u00e0 ma\u00eetriser notre destin commun&nbsp;!<\/p>\n\n\n\n<p>Grandir, s\u2019\u00e9panouir, travailler, avoir des loisirs, vieillir en bonne sant\u00e9, Thorigny doit rester la ville de tous les possibles&nbsp;!<\/p>\n\n\n\n<p><strong>MANDAT 2026 \u2013 2032&nbsp;: TROIS GRANDS DEFIS POUR NOTRE VILLE<\/strong><\/p>\n\n\n\n<p>Le prochain mandat sera celui de la pr\u00e9paration du Thorigny des ann\u00e9es 2030. D\u00e8s maintenant, cette pr\u00e9paration permettra \u00e0 la fois de r\u00e9pondre aux besoins des habitants d\u2019aujourd\u2019hui comme de celles et ceux qui viendront y habiter demain.<\/p>\n\n\n\n<p><em>Premier d\u00e9fi&nbsp;: Pour une ville verte et qui le reste&nbsp;!<\/em><\/p>\n\n\n\n<p>La ville des ann\u00e9es 2030 fera r\u00e9solument une grande place \u00e0 l\u2019environnement et la nature en son sein. Non seulement les espaces aujourd\u2019hui non-construits devront le rester, mais les diff\u00e9rents quartiers devront conserver voire accro\u00eetre la part du v\u00e9g\u00e9tal, ornemental ou naturel.<\/p>\n\n\n\n<p>Meilleure cohabitation des diff\u00e9rents modes de d\u00e9placements, r\u00e9duction de la d\u00e9pendance \u00e0 la voiture, r\u00e9duction de la facture \u00e9nerg\u00e9tique, celle de la commune comme celles des habitants&nbsp;: ces exigences incontournables de notre si\u00e8cle seront au c\u0153ur de notre action locale.<\/p>\n\n\n\n<p><em>Second d\u00e9fi&nbsp;: Thorigny, la ville du service public&nbsp;!<\/em><\/p>\n\n\n\n<p>A Thorigny, le service public local n\u2019est pas un vain mot. Qualit\u00e9 de la restauration scolaire, accueils de loisirs, petite-enfance, politique culturelle, activit\u00e9s sportives et de loisirs, infrastructures sportives, soutien \u00e0 la vie associative, animations et \u00e9v\u00e9nements font partie des actions et projets fondamentaux d\u00e9velopp\u00e9s par ou avec la Ville.<\/p>\n\n\n\n<p>Ce choix, s\u2019il a un co\u00fbt, permet \u00e0 tous les habitants de b\u00e9n\u00e9ficier d\u2019un tr\u00e8s haut niveau de service public, \u00e0 des tarifs jamais augment\u00e9s depuis 2020.<\/p>\n\n\n\n<p>Nous voulons pr\u00e9server ce choix d\u2019un service public local tr\u00e8s fort, malgr\u00e9 le d\u00e9sengagement financier de l\u2019\u00c9tat, en p\u00e9rennisant les actions et les projets tout en continuant de moderniser et r\u00e9interroger l\u2019action municipale.<\/p>\n\n\n\n<p>Nous voulons \u00e9galement davantage mobiliser la soci\u00e9t\u00e9 civile thorignienne en donnant plus de place au b\u00e9n\u00e9volat, \u00e0 l\u2019engagement des individus dans la vie de leur quartier et de la commune, afin qu\u2019action publique et action citoyenne se rejoignent.<\/p>\n\n\n\n<p>Forts des r\u00e9sultats acquis au cours du mandat qui s\u2019ach\u00e8ve, nous poursuivrons et renforcerons ce qui donne du sens au service public, fait Soci\u00e9t\u00e9 et vivre ensemble, \u00e0 tout \u00e2ge&nbsp;: la s\u00e9curit\u00e9 dans les espaces publics, ainsi que la pr\u00e9vention de toutes formes d\u2019incivilit\u00e9s ou de violences, intrafamiliales ou autres.<\/p>\n\n\n\n<p><em>Troisi\u00e8me d\u00e9fi&nbsp;: Faire b\u00e9n\u00e9ficier Thorigny du d\u00e9veloppement de l\u2019est-francilien<\/em><\/p>\n\n\n\n<p>L\u2019arriv\u00e9e de la ligne 16 du m\u00e9tro \u00e0 Chelles en 2028 va renforcer l\u2019attractivit\u00e9 de notre territoire. Aujourd\u2019hui la moiti\u00e9 des actifs de Thorigny travaille \u00e0 Paris et en petite couronne, et autant \u00e0 Marne-la-Vall\u00e9e, Val d\u2019Europe ou Roissy, et dans le reste de la Seine-et-Marne. Demain, nous voulons profiter du renforcement de l\u2019accessibilit\u00e9 de notre territoire pour accentuer le d\u00e9veloppement \u00e9conomique et consacrer l\u2019attrait des entreprises de Thorigny et ses environs.<\/p>\n\n\n\n<p>Par ailleurs, Lagny-sur-Marne et Thorigny-sur-Marne, certes s\u00e9par\u00e9es par la Marne, sont reli\u00e9es par deux ponts <em>et <\/em>partagent&nbsp;un espace de vie qui, ensemble, a du poids dans l\u2019est-francilien. Face aux mod\u00e8les voisins des villes-nouvelles totalement contemporaines voire artificielles, nous pouvons, en associant davantage nos deux villes, arriver \u00e0 proposer un mode de vie qui s\u2019appuie sur un patrimoine r\u00e9el et r\u00e9put\u00e9, des quartiers \u00e0 \u00e9chelle humaine et l\u2019acc\u00e8s en quinze minutes \u00e0 la plupart des activit\u00e9s, services, \u00e0 l\u2019emploi, mais aussi et surtout \u00e0 la nature et un environnement pr\u00e9serv\u00e9.<\/p>\n\n\n\n<p><strong>NOTRE ETAT D\u2019ESPRIT<\/strong><\/p>\n\n\n\n<p>Notre \u00e9quipe s\u2019appuie \u00e0 la fois sur des femmes et des hommes d\u2019exp\u00e9rience, et \u00e0 la fois sur des citoyens qui s\u2019engagent pour la premi\u00e8re fois.<\/p>\n\n\n\n<p>Continuit\u00e9 des actions, stabilit\u00e9 de la commune, de son administration, de ses finances vont de pair avec le volontarisme, l\u2019innovation et l\u2019enthousiasme&nbsp;!<\/p>\n\n\n\n<p>Nous n\u2019avons pas d\u2019autres ambitions que d\u2019\u00eatre au service de Thorigny et de ses habitants. Notre engagement municipal ne sert aucun plan de carri\u00e8re au sein de l\u2019agglom\u00e9ration de Marne et Gondoire ou dans d\u2019autres institutions&nbsp;: nous sommes et serons des \u00e9lus \u00e0 100&nbsp;% pour Thorigny.<\/p>\n\n\n\n<p>Les d\u00e9fis pour r\u00e9ussir le Thorigny des ann\u00e9es 2030 exigent conviction, courage et d\u00e9termination. Une \u00e9nergie clairement port\u00e9e par Ensemble pour Thorigny&nbsp;!<\/p>\n\n\n\n<p>NOS PROPOSITIONS POUR LE MANDAT 2026-2032<\/p>\n\n\n\n<p><strong>ENSEMBLE POUR UNE VILLE QUI PROTEGE<\/strong><\/p>\n\n\n\n<p>A Thorigny sur Marne, en grande majorit\u00e9, les habitants se sentent bien l\u00e0 o\u00f9 ils vivent, et notre priorit\u00e9 est de pr\u00e9server cette qualit\u00e9 de vie. Apr\u00e8s six ann\u00e9es d\u2019actions concr\u00e8tes pour renforcer la s\u00e9curit\u00e9 et la tranquillit\u00e9 publique, nous continuons d\u2019agir pour une ville sereine et solidaire&nbsp;: une ville qui prot\u00e8ge est avant tout une ville qui facilite le quotidien de chacun et accompagne celles et ceux qui en ont besoin.<\/p>\n\n\n\n<p><strong>Nous avons r\u00e9alis\u00e9, nous poursuivons<\/strong><\/p>\n\n\n\n<p><em>S\u00e9curit\u00e9 publique renforc\u00e9e et action coordonn\u00e9e<\/em><\/p>\n\n\n\n<ul class=\"wp-block-list\">\n<li>Cr\u00e9ation de la Police municipale pluri-communale&nbsp;;<\/li>\n\n\n\n<li>D\u00e9ploiement de la vid\u00e9oprotection (pr\u00e8s de 100 cam\u00e9ras)&nbsp;;<\/li>\n\n\n\n<li>Mise en place d\u2019un groupe de pr\u00e9vention de la d\u00e9linquance avec Lagny sur Marne.<\/li>\n<\/ul>\n\n\n\n<p><em>Sant\u00e9 et solidarit\u00e9&nbsp;pour tous<\/em><\/p>\n\n\n\n<ul class=\"wp-block-list\">\n<li>Cr\u00e9ation de trois logements d\u2019urgence&nbsp;;<\/li>\n\n\n\n<li>Accueil des actions de d\u00e9pistage et de don du sang&nbsp;;<\/li>\n\n\n\n<li>Construction du P\u00f4le des solidarit\u00e9s (CCAS)&nbsp;;<\/li>\n\n\n\n<li>Cr\u00e9ation du vestiaire solidaire.<\/li>\n<\/ul>\n\n\n\n<p><strong>Nous irons plus loin<\/strong><\/p>\n\n\n\n<p>LA VILLE QUI S\u2019ENGAGE A GARANTIR LA <strong>SECURITE<\/strong> ET LA <strong>TRANQUILLIT\u00c9 PUBLIQUE<\/strong>, POUR LE <strong>BIEN-ETRE<\/strong> DE TOUS<\/p>\n\n\n\n<ul class=\"wp-block-list\">\n<li><strong>Vid\u00e9oprotection<\/strong>&nbsp;: Augmenter le nombre de cam\u00e9ras fixes et d\u00e9ployer des dispositifs mobiles afin de multiplier les points de surveillance et de les adapter aux zones sensibles.<\/li>\n\n\n\n<li><strong>Police de proximit\u00e9<\/strong>&nbsp;: Poursuivre le d\u00e9ploiement de la Police municipale pluri-communale, finaliser le nouveau local de la Police municipale rue du Moustier et renforcer les \u00e9changes d\u2019information et de pr\u00e9vention avec les communes voisines.<\/li>\n\n\n\n<li><strong>Pr\u00e9vention et jeunesse<\/strong>&nbsp;: Cr\u00e9er une action entre les jeunes et la police locale autour du sport pour am\u00e9liorer le respect des institutions par un biais ludique.<\/li>\n\n\n\n<li><strong>Civilit\u00e9 au quotidien<\/strong>&nbsp;: Lancer une campagne de communication sur les r\u00e8gles de civilit\u00e9 pour bien vivre ensemble.<\/li>\n\n\n\n<li><strong>\u00c9clairage innovant<\/strong>&nbsp;: D\u00e9ployer un plan d\u2019\u00e9clairage public avec un syst\u00e8me de modulation de l\u2019\u00e9clairage (d\u00e9tecteurs de pr\u00e9sence, r\u00e9duction de puissance, \u2026) pour renforcer la s\u00e9curit\u00e9 dans les rues tout en respectant l\u2019environnement.<\/li>\n\n\n\n<li><strong>Mobilit\u00e9s durables et s\u00fbres<\/strong>&nbsp;: Continuer \u00e0 s\u00e9curiser et mat\u00e9rialiser les itin\u00e9raires cyclables avec une priorit\u00e9 sur les axes identifi\u00e9s comme dangereux.<\/li>\n\n\n\n<li><strong>M\u00e9diation et accompagnement<\/strong>&nbsp;: N\u00e9gocier la pr\u00e9sence de travailleurs sociaux et animateurs de quartier dans le cadre de la politique sociale de la Ville en lien avec Lagny sur Marne.<\/li>\n<\/ul>\n\n\n\n<p>LA VILLE QUI PREND SOIN DE VOUS POUR UNE <strong>SANTE<\/strong> PRESERVEE<\/p>\n\n\n\n<ul class=\"wp-block-list\">\n<li><strong>Extension de la Maison de Sant\u00e9&nbsp;Pluriprofessionnelle <\/strong>: Achever la construction d\u2019un b\u00e2timent suppl\u00e9mentaire.<\/li>\n\n\n\n<li><strong>Partenariat avec la Maison de Sant\u00e9&nbsp;Pluriprofessionnelle<\/strong> (<em>MSP Les Boucles de la Marne<\/em>) : Poursuivre la collaboration avec les professionnels de sant\u00e9 locaux pour am\u00e9liorer l\u2019acc\u00e8s aux soins et proposer une offre enrichie et adapt\u00e9e. Achever la construction des nouveaux locaux.<\/li>\n\n\n\n<li><strong>Pr\u00e9vention sant\u00e9&nbsp;<\/strong>: Renforcer les programmes de pr\u00e9vention en partenariat avec les professionnels de la sant\u00e9 et du soin \u2013 Encourager les actions men\u00e9es dans les \u00e9tablissements scolaires.<\/li>\n\n\n\n<li><strong>Mutuelle locale<\/strong>&nbsp;: Cr\u00e9er une mutuelle de sant\u00e9 locale \u2013 \u00e0 l\u2019\u00e9chelle communale ou intercommunale \u2013 pour proposer une couverture attractive.<\/li>\n<\/ul>\n\n\n\n<p>LA VILLE OU LA <strong>SOLIDARITE<\/strong> N\u2019EST PAS UN MOT, MAIS UNE FA\u00c7ON DE VIVRE<\/p>\n\n\n\n<ul class=\"wp-block-list\">\n<li><strong>Acc\u00e8s aux droits<\/strong>&nbsp;: Lutter contre le non-recours aux aides sociales nationales en am\u00e9liorant la connaissance des habitants et en les accompagnant dans leurs d\u00e9marches.<\/li>\n\n\n\n<li><strong>Aide alimentaire solidaire<\/strong>&nbsp;: Cr\u00e9er un groupement de commande (March\u00e9 social) pour les foyers prioritaires, en lien avec l\u2019\u00c9picerie Solidaire.<\/li>\n\n\n\n<li><strong>Justice sociale<\/strong>&nbsp;: R\u00e9viser les quotients familiaux des services municipaux pour une tarification plus juste et mieux adapt\u00e9e aux revenus r\u00e9els des foyers.<\/li>\n\n\n\n<li><strong>L\u2019Heure citoyenne<\/strong>&nbsp;: Constituer un collectif citoyen pour participer \u00e0 un service public interg\u00e9n\u00e9rationnel et renforcer le lien avec nos a\u00een\u00e9s isol\u00e9s, ainsi que l\u2019investissement dans des projets de quartier.<\/li>\n\n\n\n<li><strong>Troc num\u00e9rique<\/strong>&nbsp;: Cr\u00e9er une plateforme locale d\u00e9di\u00e9e au troc et \u00e0 la seconde main de proximit\u00e9 entre habitants.<\/li>\n\n\n\n<li><strong>Egalit\u00e9 hommes\/femmes<\/strong>&nbsp;: Consacrer le 8 mars (journ\u00e9e internationale des droits des femmes) et le 25 novembre (journ\u00e9e internationale de lutte contre les violences faites aux femmes) comme des rendez-vous annuels d\u2019\u00e9ducation populaire autour de l\u2019\u00e9galit\u00e9 hommes\/femmes.<\/li>\n<\/ul>\n\n\n\n<p><strong>ENSEMBLE POUR UNE VILLE DYNAMIQUE ET QUI RAYONNE<\/strong><\/p>\n\n\n\n<p>Thorigny sur Marne est une ville \u00e0 taille humaine et stable depuis 2020, forte de ses 10 500 habitants. En maitrisant son d\u00e9veloppement et en limitant les nouvelles constructions, notre commune a su pr\u00e9server son identit\u00e9 et son cadre de vie. Nous devons poursuivre cet engagement en construisant la Ville de demain&nbsp;: une ville dynamique, qui cr\u00e9e des emplois et qui offre un cadre de vie durable. Nos projets s\u2019inscriront en priorit\u00e9 sur des sites d\u00e9j\u00e0 identifi\u00e9s, tels que le futur \u00e9coquartier des bords de Marne et la zone d\u2019activit\u00e9s des Valli\u00e8res. Nous souhaitons une ville o\u00f9 dynamisme urbain s\u2019harmonise avec convivialit\u00e9 et bien \u00eatre.<\/p>\n\n\n\n<p><strong>Nous avons r\u00e9alis\u00e9, nous poursuivons<\/strong><\/p>\n\n\n\n<p>\u2022 Culture et animation&nbsp;:<\/p>\n\n\n\n<p>\u25e6 Toute l\u2019ann\u00e9e, des rendez-vous incontournables pour tous ;<\/p>\n\n\n\n<p>\u25e6 R\u00e9am\u00e9nagement et embellissement de la rue du Moustier&nbsp;;<\/p>\n\n\n\n<p>\u2022 Emploi, \u00c9conomie, Commerce&nbsp;:<\/p>\n\n\n\n<p>\u25e6 Mise en place des casiers fermiers de producteurs locaux ;<\/p>\n\n\n\n<p>\u25e6 March\u00e9s estivaux du terroir et de l\u2019artisanat ;<\/p>\n\n\n\n<p>\u2022 Habitat, Logement, Urbanisme&nbsp;:<\/p>\n\n\n\n<p>\u25e6 R\u00e9flexions autour du C\u0153ur de Ville&nbsp;;<\/p>\n\n\n\n<p>\u25e6 R\u00e9sidence interg\u00e9n\u00e9rationnelle et nouvelle cr\u00e8che rue Poincar\u00e9.<\/p>\n\n\n\n<p>\u2022 Sport&nbsp;:<\/p>\n\n\n\n<p>\u25e6 Obtention du label Ville active et sportive<\/p>\n\n\n\n<p>\u25e6 Cr\u00e9ation de nouvelles infrastructures sportives&nbsp;: basket 3&#215;3, street workout en bords de Marne, parcours sportif aux Samoreaux, ach\u00e8vement du Parc des sports<\/p>\n\n\n\n<p>\u25e6 Soir\u00e9e des b\u00e9n\u00e9voles associatifs et des champions sportifs<\/p>\n\n\n\n<p><strong>Nous irons plus loin<\/strong><\/p>\n\n\n\n<p>LA VILLE <strong>ANIMEE ET CULTURELLE<\/strong>, RICHE EN ENERGIE ET EN DIVERSITE<\/p>\n\n\n\n<ul class=\"wp-block-list\">\n<li><strong>Les rendez-vous de l\u2019ann\u00e9e\u2026<\/strong>&nbsp;: P\u00e9renniser et repenser nos grands \u00e9v\u00e8nements \u2013 Thorystivales, Carnaval, brocantes, f\u00eate d\u2019Halloween, March\u00e9 de No\u00ebl,\u2026.<\/li>\n\n\n\n<li>\u2026 <strong>et bien d\u2019autres&nbsp;<\/strong>: cin\u00e9ma en plein air estival, un March\u00e9 artisanal des cultures du monde et des actions de sensibilisation \u00e0 la protection de l\u2019environnement.<\/li>\n\n\n\n<li><strong>F\u00eate de la Marne&nbsp;: <\/strong>Participer \u00e0 la F\u00eate de la Marne.<\/li>\n\n\n\n<li><strong>Loisirs et d\u00e9tente en bords de Marne <\/strong>: Cr\u00e9er un lieu de convivialit\u00e9 dans le futur \u00e9coquartier des bords de Marne avec notamment une guinguette, une salle d\u2019exposition et des boutiques \u00e9ph\u00e9m\u00e8res.<\/li>\n\n\n\n<li><strong>Culture hors les murs<\/strong>&nbsp;: D\u00e9velopper l\u2019offre culturelle dans les quartiers, au-del\u00e0 du centre culturel du Moustier pour aller \u00e0 la rencontre de tous les habitants.<\/li>\n\n\n\n<li><strong>Gaming&nbsp;<\/strong>: Faire \u00e9voluer le H4 Gaming en lien avec le projet de mus\u00e9e du jeu vid\u00e9o \u00e0 Bussy Saint Georges.<\/li>\n\n\n\n<li><strong>Infrastructures \u00e9v\u00e8nementielles&nbsp;<\/strong>: r\u00e9am\u00e9nager les \u00e9quipements du Hangar 4 (cuisine et sanitaires).<\/li>\n<\/ul>\n\n\n\n<p>LA VILLE QUI PROSPERE, EN CONJUGUANT <strong>CROISSANCE ECONOMIQUE<\/strong>, OPPORTUNITES D\u2019<strong>EMPLOI<\/strong> ET <strong>DYNAMISME COMMERCIAL<\/strong><\/p>\n\n\n\n<ul class=\"wp-block-list\">\n<li><strong>Commerce de proximit\u00e9<\/strong>&nbsp;: Pr\u00e9empter les locaux commerciaux vacants en collaboration avec la Fonci\u00e8re de la CA de Marne et Gondoire pour encourager une diversification de l\u2019offre commerciale.<\/li>\n\n\n\n<li><strong>\u00c9conomie locale&nbsp;<\/strong>: Encourager le d\u00e9veloppement des activit\u00e9s nautiques et fluviales en bords de Marne.<\/li>\n\n\n\n<li><strong>Entreprises locales et march\u00e9s publics<\/strong>&nbsp;: D\u00e9velopper les achats responsables, favorisant les circuits courts, le recyclage dans les march\u00e9s publics, dans le respect des r\u00e8gles de la commande publique.<\/li>\n\n\n\n<li><strong>Jeunesse et Emploi<\/strong>&nbsp;: Organiser un Forum de l\u2019Emploi avec France Travail et mobiliser les entreprises locales dans le recrutement et la formation des jeunes en stage et en alternance.<\/li>\n\n\n\n<li><strong>P\u00f4le d\u2019activit\u00e9s des Valli\u00e8res<\/strong>&nbsp;: Cr\u00e9er une zone d\u2019activit\u00e9s inscrite dans une d\u00e9marche de d\u00e9veloppement durable affirm\u00e9e avec un am\u00e9nagement de haute qualit\u00e9 environnementale. L\u2019int\u00e9grit\u00e9 de la promenade de la Dhuis sera pr\u00e9serv\u00e9e.<\/li>\n\n\n\n<li><strong>Commerce local&nbsp;<\/strong>: Soutenir la cr\u00e9ativit\u00e9 et l\u2019artisanat local en cr\u00e9ant des boutiques \u00e9ph\u00e9m\u00e8res.<\/li>\n\n\n\n<li><strong>Logistique durable<\/strong>&nbsp;: R\u00e9duire la circulation des v\u00e9hicules de livraison en ville par la mise en \u0153uvre d\u2019une charte de la logistique du <em>\u00ab&nbsp;dernier kilom\u00e8tre&nbsp;\u00bb<\/em>.<\/li>\n\n\n\n<li><strong>Partenariats<\/strong>&nbsp;: S\u2019appuyer sur les organismes publics existants pour favoriser l\u2019insertion professionnelle \u2013 France travail, Mission locale, associations sp\u00e9cialis\u00e9es, \u2026<\/li>\n<\/ul>\n\n\n\n<p>LA VILLE QUI PREPARE L\u2019AVENIR, NOTRE FA\u00c7ON D\u2019<strong>HABITER<\/strong> DEMAIN, PAR LA MAITRISE DE SON <strong>URBANISME<\/strong><\/p>\n\n\n\n<ul class=\"wp-block-list\">\n<li><strong>R\u00e9vision du PLU<\/strong>&nbsp;: Renforcer la pr\u00e9servation des quartiers pavillonnaires et privil\u00e9gier une \u00e9volution lente et harmonieuse de la ville.<\/li>\n\n\n\n<li><strong>Logement pour tous<\/strong>&nbsp;: Maintenir la politique de diversit\u00e9 des logements neufs \u2013 accession \u00e0 la propri\u00e9t\u00e9, logements sociaux.<\/li>\n\n\n\n<li><strong>\u00c9coquartier des bords de Marne<\/strong> : Transformer l\u2019ancienne friche industrielle pollu\u00e9e en un quartier durable ouvert sur la Marne.<\/li>\n\n\n\n<li><strong>Charte des promoteurs<\/strong>&nbsp;: Imposer aux promoteurs pour tout nouveau projet une charte avec des r\u00e8gles strictes de qualit\u00e9 environnementale, d\u2019accessibilit\u00e9s et de prix abordables.<\/li>\n\n\n\n<li><strong>R\u00e9gulation de la location touristique<\/strong>&nbsp;: Mieux encadrer les locations touristiques de courte dur\u00e9e pour pr\u00e9server l\u2019offre de location d\u2019habitat longue dur\u00e9e.<\/li>\n\n\n\n<li><strong>Gestion urbaine<\/strong>&nbsp;: Renforcer les liens avec les bailleurs sociaux et les copropri\u00e9t\u00e9s pour la gestion du quotidien.<\/li>\n\n\n\n<li><strong>Logement pour tous<\/strong>&nbsp;: Cr\u00e9er une r\u00e9sidence \u00e9tudiante et jeunes actifs \u00e0 proximit\u00e9 de la gare, et une r\u00e9sidence s\u00e9niors en centre-ville.<\/li>\n<\/ul>\n\n\n\n<p><strong>ENSEMBLE POUR UNE VILLE VERTE ET QUI LE RESTE<\/strong><\/p>\n\n\n\n<p>Alors que les effets du changement climatique sont palpables, la ville doit devenir plus r\u00e9siliente&nbsp;! Mieux isoler les b\u00e2timents publics, recourir \u00e0 des \u00e9nergies plus propres, adapter notre organisation sont des logiques d\u00e9j\u00e0 \u00e0 l\u2019\u0153uvre. Mais il va falloir aller plus vite, plus fort et plus loin dans les ann\u00e9es \u00e0 venir, y compris en aidant les particuliers dans tous ces changements.<\/p>\n\n\n\n<p>La <strong>ville climat<\/strong> qui repense ses mod\u00e8les pour s\u2019adapter au changement climatique et en limiter son impact<\/p>\n\n\n\n<p><strong>Nous avons r\u00e9alis\u00e9, nous poursuivons<\/strong><\/p>\n\n\n\n<ul class=\"wp-block-list\">\n<li><strong>Qualit\u00e9 alimentaire<\/strong>&nbsp;: Maintenir le niveau de qualit\u00e9 des cantines et des repas s\u00e9niors (9 labels).<\/li>\n\n\n\n<li><strong>Producteurs locaux<\/strong>&nbsp;: Poursuivre l\u2019action Fou d&rsquo;local (points de distribution des produits agricoles locaux).<\/li>\n\n\n\n<li><strong>Protection des espaces naturels<\/strong>&nbsp;: Maintenir le P\u00e9rim\u00e8tre de protection des espaces agricoles naturels p\u00e9riurbains.<\/li>\n\n\n\n<li><strong>V\u00e9hicules \u00e9lectriques<\/strong>&nbsp;: Achever le d\u00e9ploiement des bornes de recharge pour v\u00e9hicules \u00e9lectriques.<\/li>\n\n\n\n<li><strong>Espaces publics<\/strong>&nbsp;: Privil\u00e9gier des rev\u00eatements adapt\u00e9s aux fortes chaleurs dans les espaces publics.<\/li>\n\n\n\n<li><strong>Economies d\u2019\u00e9nergies<\/strong>&nbsp;: Poursuivre le recours aux outils techniques de surveillance des consommations d\u2019\u00e9nergie pour plus d\u2019\u00e9conomies.<\/li>\n\n\n\n<li><strong>V\u00e9g\u00e9talisation<\/strong>&nbsp;: Poursuivre les actions de v\u00e9g\u00e9talisation et de d\u00e9simperm\u00e9abilisation des espaces publics.<\/li>\n\n\n\n<li><strong>Natura 2000<\/strong>&nbsp;: Poursuivre le soutien au programme Natura 2000 protection de la for\u00eat des Valli\u00e8res et boucles de la Marne.<\/li>\n\n\n\n<li><strong>Lutte contre les incivilit\u00e9s<\/strong>&nbsp;: Renforcer les actions des ASVP et de la police pluri communale ainsi que de la brigade rurale contre les incivilit\u00e9s environnementales.<\/li>\n\n\n\n<li><strong>Il\u00f4ts de fraicheur<\/strong>&nbsp;: Poursuivre le programme des \u00eelots de fraicheur\/r\u00e9novation des cours d&rsquo;\u00e9cole.<\/li>\n<\/ul>\n\n\n\n<p><strong>Nous irons plus loin<\/strong><\/p>\n\n\n\n<ul class=\"wp-block-list\">\n<li><\/li>\n\n\n\n<li><strong>R\u00e9seau de chaleur<\/strong>&nbsp;: Mettre en \u0153uvre le programme de cr\u00e9ation d\u2019un r\u00e9seau de chaleur pour plus d\u2019\u00e9nergies renouvelables et la ma\u00eetrise des factures d\u2019\u00e9nergie.<\/li>\n\n\n\n<li><strong>Ecoquartier des bords de Marne<\/strong> : un quartier novateur aliment\u00e9 par les \u00e9nergies renouvelables.<\/li>\n\n\n\n<li><strong>R\u00e9cup\u00e9rateurs d\u2019eau<\/strong>&nbsp;: Aider \u00e0 l\u2019acquisition de r\u00e9cup\u00e9rateurs des eaux de pluie (un bonus pour les petits volumes).<\/li>\n\n\n\n<li><strong>Energies renouvelables&nbsp;: <\/strong>D\u00e9velopper les \u00e9nergies renouvelables dans les b\u00e2timents publics&nbsp;; Informer sur les dispositifs de soutien aux \u00e9nergies renouvelables aupr\u00e8s des particuliers.<\/li>\n\n\n\n<li><strong>Encombrants<\/strong>&nbsp;: Cr\u00e9er le service des encombrants \u00ab&nbsp;\u00e0 la demande&nbsp;\u00bb, efficace dans les villes qui en disposent.<\/li>\n\n\n\n<li><strong>Esp\u00e8ces v\u00e9g\u00e9tales<\/strong>&nbsp;: Planter pour chaque am\u00e9nagement nouveau des esp\u00e8ces adapt\u00e9es au changement climatique et \u00e0 la biodiversit\u00e9.<\/li>\n\n\n\n<li><strong>Recyclage<\/strong>&nbsp;: Constituer un point d\u2019apport volontaire pour les produits \u00e0 recycler (anciens t\u00e9l\u00e9phones, ampoules, batteries\u2026).<\/li>\n\n\n\n<li><strong>Poumons verts<\/strong>&nbsp;: Finaliser les am\u00e9nagements du Parc des Samoreaux et du jardin r\u00e9silient.<\/li>\n\n\n\n<li><strong>Plan climat<\/strong>&nbsp;: Mieux faire conna\u00eetre les actions li\u00e9es au Plan climat local et du sch\u00e9ma de d\u00e9veloppement des \u00e9nergies renouvelables.<\/li>\n\n\n\n<li><strong>Ruissellements<\/strong>&nbsp;: Suivre la mise en \u0153uvre du plan anti-ruissellements des terres agricoles en bordure des zones pavillonnaires.<\/li>\n<\/ul>\n\n\n\n<p>Une ville accessible \u00e0 toutes et \u00e0 tous, qui favorise <strong>TOUTES lES mobilit\u00e9S<\/strong> et la s\u00e9curit\u00e9, pour une urbanit\u00e9 douce.<\/p>\n\n\n\n<p><strong>Nous avons r\u00e9alis\u00e9, nous poursuivons<\/strong><\/p>\n\n\n\n<ul class=\"wp-block-list\">\n<li><strong>Citoyens engag\u00e9s<\/strong>&nbsp;: poursuivre et renforcer le soutien des actions de l\u2019association des usagers de la ligne P.<\/li>\n\n\n\n<li><strong>Stationnement et circulation<\/strong>&nbsp;: poursuivre la mise en \u0153uvre du plan de stationnement et de circulation multimodale adopt\u00e9 en 2024.<\/li>\n\n\n\n<li><strong>Sentes pi\u00e9tonnes<\/strong>&nbsp;: Poursuivre la protection et la mise en valeur des sentes pi\u00e9tonnes.<\/li>\n<\/ul>\n\n\n\n<p><strong>Nous irons plus loin<\/strong><\/p>\n\n\n\n<ul class=\"wp-block-list\">\n<li><strong>Coeur de ville<\/strong>&nbsp;: R\u00e9pondre aux besoins de proximit\u00e9 avec le programme c\u0153ur de ville (regroupement des commerces du centre-ville et cr\u00e9ation d\u2019une halle de march\u00e9).<\/li>\n\n\n\n<li><strong>Mobilit\u00e9s actives<\/strong>&nbsp;: Favoriser les mobilit\u00e9s actives (marche, v\u00e9lo\u2026) par l\u2019\u00e9volution des espaces publics.<\/li>\n\n\n\n<li><strong>Rue de Claye<\/strong>&nbsp;: Lancer avec le D\u00e9partement de Seine-et-Marne la r\u00e9alisation d\u2019une \u00e9tude flux-s\u00e9curit\u00e9 pour la rue de Claye.<\/li>\n\n\n\n<li><strong>Carrefour Claye\/Poincar\u00e9<\/strong> : R\u00e9am\u00e9nager le carrefour par la mutation de la parcelle commerciale.<\/li>\n\n\n\n<li><strong>Stationnement<\/strong> : Recourir aux techniques de rev\u00eatements perm\u00e9ables pour les places nouvelles ou r\u00e9am\u00e9nag\u00e9es.<\/li>\n\n\n\n<li><strong>Station V\u00e9ligo<\/strong>&nbsp;: N\u00e9gocier avec IDF Mobilit\u00e9s l\u2019installation d\u2019une station V\u00e9ligo \u00e0 proximit\u00e9 de la gare SNCF.<\/li>\n\n\n\n<li><strong>Bus<\/strong>&nbsp;: Obtenir des bus plus petits sur les lignes 2250 et 2251 pour une circulation plus fluide&nbsp;; Obtenir des panneaux d\u2019affichage en temps r\u00e9el pour les d\u00e9parts de bus \u00e0 la gare (quais nord).<\/li>\n\n\n\n<li><strong>Ligne P<\/strong>&nbsp;: Exiger d\u2019IDF Mobilit\u00e9s la fr\u00e9quence au 1\/4 d&rsquo;heure sur ligne P toute la journ\u00e9e.<\/li>\n\n\n\n<li><strong>V\u00e9los et trottinettes en libre service<\/strong>&nbsp;: N\u00e9gocier l\u2019extension du service de location de v\u00e9los\/trottinettes.<\/li>\n\n\n\n<li><strong>Autopartage<\/strong>&nbsp;: D\u00e9velopper des solutions d\u2019autopartage dans les immeubles neufs pour r\u00e9duire les besoins en stationnement.<\/li>\n\n\n\n<li><strong>Covoiturage<\/strong>&nbsp;: Envisager une station de covoiturage au nord de la ville ainsi que des places de stationnement \u00ab&nbsp;r\u00e9serv\u00e9 covoiturage&nbsp;\u00bb \u00e0 proximit\u00e9 de la gare.<\/li>\n<\/ul>\n\n\n\n<p><strong>ENSEMBLE POUR TOUTES LES GENERATIONS<\/strong><\/p>\n\n\n\n<p>L\u2019action pour les familles est au c\u0153ur des attributions des communes. Aujourd\u2019hui, \u00e0 Thorigny-sur-Marne, le niveau de d\u00e9veloppement des services \u00e0 la population est tr\u00e8s \u00e9lev\u00e9. De la petite-enfance aux s\u00e9niors, il existe de nombreuses actions et offres de services que nous nous engageons \u00e0 prot\u00e9ger demain. Nous avons fait le choix d\u2019un service public fort dans notre ville, et nous entendons bien le poursuivre&nbsp;!<\/p>\n\n\n\n<p>PETITE-ENFANCE, ENFANCE, JEUNESSE, FAMILLES, SENIORS, <strong>TOUTES LES GENERATIONS<\/strong> DOIVENT ETRE SOUTENU ET PARTICIPER A LA VIE DE LA COMMUNE<\/p>\n\n\n\n<p><strong>Nous avons r\u00e9alis\u00e9, nous poursuivons<\/strong><\/p>\n\n\n\n<ul class=\"wp-block-list\">\n<li><strong>Partenariats<\/strong>&nbsp;: Poursuivre les partenariats avec l\u2019Association pour les Personnes Ag\u00e9es (APA).<\/li>\n\n\n\n<li><strong>S\u00e9niors isol\u00e9s<\/strong>&nbsp;: P\u00e9renniser les visites de convivialit\u00e9 aux s\u00e9niors isol\u00e9s.<\/li>\n\n\n\n<li><strong>Repas \u00e0 domicile<\/strong>&nbsp;: Renforcer la qualit\u00e9 des repas \u00e0 domicile.<\/li>\n\n\n\n<li><strong>Pr\u00e9vention s\u00e9niors<\/strong>&nbsp;: Accueil de conf\u00e9rences pr\u00e9vention\/sant\u00e9.<\/li>\n\n\n\n<li><strong>Petite enfance<\/strong>&nbsp;: Maintenir le niveau d&rsquo;offres de places publiques et priv\u00e9es pour la petite-enfance.<\/li>\n\n\n\n<li><strong>Soutien scolaire<\/strong>&nbsp;: Maintenir et accentuer le programme coup de pouce.<\/li>\n\n\n\n<li><strong>Classes de d\u00e9couvertes<\/strong>&nbsp;: Poursuivre les classes de d\u00e9couvertes, du soutien aux projets des \u00e9coles et des moyens mat\u00e9riels pour les classes.<\/li>\n\n\n\n<li><strong>Spectacles jeune public<\/strong>&nbsp;: Maintenir la gratuit\u00e9 des spectacles et des actions culturelles pour les publics scolaires.<\/li>\n\n\n\n<li><strong>Lecture publique<\/strong>&nbsp;: Poursuivre la politique du livre et de la lecture&nbsp;; prolonger les partenariats avec la biblioth\u00e8que.<\/li>\n\n\n\n<li><strong>Ecoles modernes<\/strong>&nbsp;: Poursuivre et amplifier les actions de r\u00e9novation \u00e9nerg\u00e9tique des \u00e9coles.<\/li>\n\n\n\n<li><strong>Parentalit\u00e9<\/strong>&nbsp;: poursuivre les actions de soutien et d\u2019accompagnement \u00e0 la parentalit\u00e9 (notamment avec le LAEP, Lieu d\u2019Accueil Enfants Parents).<\/li>\n\n\n\n<li><strong>Aide aux jeunes<\/strong>&nbsp;: P\u00e9renniser les aides au BAFA, la bourse au permis de conduire, les formations PSC1.<\/li>\n\n\n\n<li><strong>Service jeunesse, service sport<\/strong>&nbsp;: P\u00e9renniser les moyens et les projets des services jeunesse et sport.<\/li>\n\n\n\n<li><strong>Mobilit\u00e9 des jeunes<\/strong>&nbsp;: poursuivre l\u2019aide municipale \u00e0 la carte Imagin\u2019R<\/li>\n\n\n\n<li><strong>Animations et citoyennet\u00e9<\/strong>&nbsp;: poursuivre l\u2019organisation d\u2019un bal des 3\u00e8me, ainsi que les c\u00e9r\u00e9monies de remise des dipl\u00f4mes du brevet et du baccalaur\u00e9at.<\/li>\n\n\n\n<li><strong>Vie associative<\/strong>&nbsp;: poursuivre et renforcer les moyens du service vie associative cr\u00e9\u00e9 en 2020&nbsp;; maintenir les subventions annuelles en faveur des associations oeuvrant \u00e0 Thorigny&nbsp;; poursuivre la politique de pr\u00eat de salles et de mat\u00e9riels.<\/li>\n<\/ul>\n\n\n\n<p><strong>Nous irons plus loin<\/strong><\/p>\n\n\n\n<p data-wp-context---core-fit-text=\"core\/fit-text::{&quot;fontSize&quot;:&quot;&quot;}\" data-wp-init---core-fit-text=\"core\/fit-text::callbacks.init\" data-wp-interactive data-wp-style--font-size=\"core\/fit-text::context.fontSize\" class=\"has-fit-text\"><strong>Les projets citoyens<\/strong>&nbsp;: Organiser chaque ann\u00e9e un vote pour d\u00e9signer les projets citoyens recevant un soutien financier (budget des projets citoyens)<\/p>\n\n\n\n<p><strong>Cr\u00e8che municipale<\/strong>&nbsp;: D\u00e9velopper les passerelles entre la cr\u00e8che et l&rsquo;\u00e9cole pour la rentr\u00e9e.<\/p>\n\n\n\n<p><strong>Modes de gardes des jeunes enfants<\/strong>&nbsp;: Envisager le soutien \u00e0 l\u2019installation d\u2019une MAM sans concurrencer les autres modes de garde.<\/p>\n\n\n\n<p><strong>D\u00e9mocratie des jeunes<\/strong>&nbsp;: Cr\u00e9ation d\u2019un conseil des enfants en prolongement de l\u2019actuel conseil des enfants du p\u00e9riscolaire et constitution d\u2019un comit\u00e9 jeunes.<\/p>\n\n\n\n<p><strong>Ecoles et accueils de loisirs&nbsp;<\/strong>: favoriser la cr\u00e9ation de salles sensorielles et poursuivre la r\u00e9novation des locaux.<\/p>\n\n\n\n<p><strong>AESH<\/strong>&nbsp;: soutenir les revendications aupr\u00e8s de l\u2019Etat en faveur des AESH afin d\u2019assurer une v\u00e9ritable inclusion des enfants aux besoins particuliers.<\/p>\n\n\n\n<p><strong>Logement des jeunes<\/strong>&nbsp;: soutenir la cr\u00e9ation d\u2019une r\u00e9sidence pour \u00e9tudiants et jeunes actifs \u00e0 proximit\u00e9 de la gare<\/p>\n\n\n\n<p><strong>Pr\u00e9vention<\/strong>&nbsp;: encourager le d\u00e9veloppement d\u2019action de pr\u00e9vention \u00e0 la sant\u00e9 physique et mentale, \u00e0 la relation affective et sexuelle dans les \u00e9tablissements scolaires et dans les structures jeunesse.<\/p>\n\n\n\n<p><strong>Emploi&nbsp;des jeunes<\/strong> : organiser des job dating avec France Travail.<\/p>\n\n\n\n<p><strong>Citoyennet\u00e9 des s\u00e9niors<\/strong>&nbsp;: Envisager la constitution d\u2019une assembl\u00e9e des A\u00een\u00e9s.<\/p>\n\n\n\n<p><strong>Cr\u00e9er une \u00ab&nbsp;maison du Temps Libre et du Bel \u00e2ge&nbsp;\u00bb&nbsp;<\/strong>: favoriser l\u2019accompagnement aux d\u00e9marches, de l\u2019information, des activit\u00e9s, pour rompre avec l\u2019isolement.<\/p>\n\n\n\n<p><strong>Quotients familiaux<\/strong>&nbsp;: r\u00e9former les quotients pour accro\u00eetre encore leur caract\u00e8re juste et mieux les adapter aux revenus des familles<\/p>\n\n\n\n<p><strong>Politique de la Ville<\/strong>&nbsp;: Etendre les moyens d&rsquo;action de la politique de la Ville vers Thorigny et ses habitants, en lien avec le Mix-city situ\u00e9 \u00e0 Lagny.<\/p>\n\n\n\n<p><strong>Heure citoyenne<\/strong>&nbsp;: Cr\u00e9er des actions citoyennes en faveur de la solidarit\u00e9 et des quartiers, en s\u2019inspirant du dispositif de l\u2019association l\u2019Heure civique.<\/p>\n","protected":false},"excerpt":{"rendered":"<p>PREAMBULE AGIR MAINTENANT POUR REUSSIR ENSEMBLE LE THORIGNY DES ANNEES 2030 NOTRE MANIFESTE POUR LES MUNICIPALES 2026 QUI SOMMES-NOUS&nbsp;? Ensemble pour Thorigny est une association politique locale, ind\u00e9pendante de tout parti national, qui rassemble des femmes et des hommes de gauche, du centre et de la droite, ainsi que des personnes sans pr\u00e9f\u00e9rence partisane. Nous [&hellip;]<\/p>\n","protected":false},"author":1,"featured_media":0,"parent":0,"menu_order":0,"comment_status":"closed","ping_status":"closed","template":"","meta":{"footnotes":""},"class_list":["post-110","page","type-page","status-publish","hentry"],"_links":{"self":[{"href":"https:\/\/ensemble-pour-thorigny.ovh\/index.php\/wp-json\/wp\/v2\/pages\/110","targetHints":{"allow":["GET"]}}],"collection":[{"href":"https:\/\/ensemble-pour-thorigny.ovh\/index.php\/wp-json\/wp\/v2\/pages"}],"about":[{"href":"https:\/\/ensemble-pour-thorigny.ovh\/index.php\/wp-json\/wp\/v2\/types\/page"}],"author":[{"embeddable":true,"href":"https:\/\/ensemble-pour-thorigny.ovh\/index.php\/wp-json\/wp\/v2\/users\/1"}],"replies":[{"embeddable":true,"href":"https:\/\/ensemble-pour-thorigny.ovh\/index.php\/wp-json\/wp\/v2\/comments?post=110"}],"version-history":[{"count":13,"href":"https:\/\/ensemble-pour-thorigny.ovh\/index.php\/wp-json\/wp\/v2\/pages\/110\/revisions"}],"predecessor-version":[{"id":437,"href":"https:\/\/ensemble-pour-thorigny.ovh\/index.php\/wp-json\/wp\/v2\/pages\/110\/revisions\/437"}],"wp:attachment":[{"href":"https:\/\/ensemble-pour-thorigny.ovh\/index.php\/wp-json\/wp\/v2\/media?parent=110"}],"curies":[{"name":"wp","href":"https:\/\/api.w.org\/{rel}","templated":true}]}}