{"id":261,"date":"2026-01-30T12:07:51","date_gmt":"2026-01-30T12:07:51","guid":{"rendered":"https:\/\/ensemble-pour-thorigny.ovh\/?page_id=261"},"modified":"2026-01-30T12:12:08","modified_gmt":"2026-01-30T12:12:08","slug":"esther-richardson","status":"publish","type":"page","link":"https:\/\/ensemble-pour-thorigny.ovh\/index.php\/esther-richardson\/","title":{"rendered":"Esther Richardson"},"content":{"rendered":"\n<p data-wp-context---core-fit-text=\"core\/fit-text::{&quot;fontSize&quot;:&quot;&quot;}\" data-wp-init---core-fit-text=\"core\/fit-text::callbacks.init\" data-wp-interactive data-wp-style--font-size=\"core\/fit-text::context.fontSize\" class=\"has-fit-text\">Esther Richardson<\/p>\n\n\n\n<p>Je m&rsquo;appelle Esther Richardson, j&rsquo;ai 72 ans. Je suis arriv\u00e9e \u00e0 Thorigny il y a 46 ans, \u00e0 la suite d\u2019une mutation en tant que professeure \u00e0 Marne-la-Vall\u00e9e (MLV). Ce qui ne devait \u00eatre au d\u00e9part qu\u2019une \u00e9tape est rapidement devenu un v\u00e9ritable choix de vie.. J\u2019ai d\u00e9cid\u00e9 de rester \u00e0 Thorigny pour sa proximit\u00e9 avec mon lieu de travail, mais surtout pour son cadre de vie agr\u00e9able, la qualit\u00e9 de ses services municipaux, et l\u2019esprit de ville \u00e0 taille humaine que j\u2019appr\u00e9cie profond\u00e9ment au quotidien. Mon fils a \u00e9t\u00e9 scolaris\u00e9 \u00e0 l\u2019\u00e9cole des Pointes, ce qui m\u2019a permis de m\u2019ancrer dans la vie locale en animant des ateliers d&rsquo;initiation \u00e0 l&rsquo;anglais en classe maternelle. J&rsquo;ai \u00e9galement \u00e9t\u00e9 engag\u00e9e dans une association sportive, participant activement \u00e0 un projet sportif porteur de valeurs de partage, d\u2019engagement et de coh\u00e9sion. Aujourd\u2019hui, si je soutiens Manuel Da Silva , c\u2019est parce que je reconnais son travail, sa connaissance du territoire et sa volont\u00e9 de faire \u00e9voluer Thorigny tout en pr\u00e9servant ce qui fait son identit\u00e9. Je partage cette vision d\u2019une commune dynamique, solidaire et attentive \u00e0 ses habitants.<\/p>\n\n\n\n<figure class=\"wp-block-embed is-type-video is-provider-youtube wp-block-embed-youtube wp-embed-aspect-16-9 wp-has-aspect-ratio\"><div class=\"wp-block-embed__wrapper\">\n<iframe loading=\"lazy\" title=\"pr\u00e9sentation esther final\" width=\"422\" height=\"750\" src=\"https:\/\/www.youtube.com\/embed\/n9TKONgApu8?feature=oembed\" frameborder=\"0\" allow=\"accelerometer; autoplay; clipboard-write; encrypted-media; gyroscope; picture-in-picture; web-share\" referrerpolicy=\"strict-origin-when-cross-origin\" allowfullscreen><\/iframe>\n<\/div><\/figure>\n","protected":false},"excerpt":{"rendered":"<p>Esther Richardson Je m&rsquo;appelle Esther Richardson, j&rsquo;ai 72 ans. Je suis arriv\u00e9e \u00e0 Thorigny il y a 46 ans, \u00e0 la suite d\u2019une mutation en tant que professeure \u00e0 Marne-la-Vall\u00e9e (MLV). Ce qui ne devait \u00eatre au d\u00e9part qu\u2019une \u00e9tape est rapidement devenu un v\u00e9ritable choix de vie.. J\u2019ai d\u00e9cid\u00e9 de rester \u00e0 Thorigny pour [&hellip;]<\/p>\n","protected":false},"author":1,"featured_media":0,"parent":0,"menu_order":0,"comment_status":"closed","ping_status":"closed","template":"","meta":{"footnotes":""},"class_list":["post-261","page","type-page","status-publish","hentry"],"_links":{"self":[{"href":"https:\/\/ensemble-pour-thorigny.ovh\/index.php\/wp-json\/wp\/v2\/pages\/261","targetHints":{"allow":["GET"]}}],"collection":[{"href":"https:\/\/ensemble-pour-thorigny.ovh\/index.php\/wp-json\/wp\/v2\/pages"}],"about":[{"href":"https:\/\/ensemble-pour-thorigny.ovh\/index.php\/wp-json\/wp\/v2\/types\/page"}],"author":[{"embeddable":true,"href":"https:\/\/ensemble-pour-thorigny.ovh\/index.php\/wp-json\/wp\/v2\/users\/1"}],"replies":[{"embeddable":true,"href":"https:\/\/ensemble-pour-thorigny.ovh\/index.php\/wp-json\/wp\/v2\/comments?post=261"}],"version-history":[{"count":2,"href":"https:\/\/ensemble-pour-thorigny.ovh\/index.php\/wp-json\/wp\/v2\/pages\/261\/revisions"}],"predecessor-version":[{"id":266,"href":"https:\/\/ensemble-pour-thorigny.ovh\/index.php\/wp-json\/wp\/v2\/pages\/261\/revisions\/266"}],"wp:attachment":[{"href":"https:\/\/ensemble-pour-thorigny.ovh\/index.php\/wp-json\/wp\/v2\/media?parent=261"}],"curies":[{"name":"wp","href":"https:\/\/api.w.org\/{rel}","templated":true}]}}