{"id":316,"date":"2026-02-03T07:58:46","date_gmt":"2026-02-03T07:58:46","guid":{"rendered":"https:\/\/ensemble-pour-thorigny.ovh\/?page_id=316"},"modified":"2026-02-12T06:50:40","modified_gmt":"2026-02-12T06:50:40","slug":"magali-chretien","status":"publish","type":"page","link":"https:\/\/ensemble-pour-thorigny.ovh\/index.php\/magali-chretien\/","title":{"rendered":"Magali Chr\u00e9tien"},"content":{"rendered":"\n<p data-wp-context---core-fit-text=\"core\/fit-text::{&quot;fontSize&quot;:&quot;&quot;}\" data-wp-init---core-fit-text=\"core\/fit-text::callbacks.init\" data-wp-interactive data-wp-style--font-size=\"core\/fit-text::context.fontSize\" class=\"has-fit-text\">Magali Chr\u00e9tien<\/p>\n\n\n\n<p>Bonjour, je m\u2019appelle Magali Chr\u00e9tien, j\u2019ai 47 ans, 3 enfants et j\u2019habite Thorigny-sur-Marne depuis 43 ans. J\u2019y suis arriv\u00e9e en 1982 avec mes parents et j\u2019ai choisi d\u2019y rester, car Thorigny est une ville \u00e0 taille humaine, agr\u00e9able et bien desservie par les transports. Depuis 23 ans, je suis engag\u00e9e au service de l\u2019enfance et des familles. Apr\u00e8s avoir \u00e9t\u00e9 coiffeuse, je suis devenue assistante maternelle, un m\u00e9tier qui m\u2019a permis de m\u2019investir pleinement pour le bien-\u00eatre des enfants de la petite enfance \u2026.jusqu\u2019\u00e0 l\u2019adolescence, puisque j\u2019ai aussi \u00e9t\u00e9 repr\u00e9sentante de parent d\u2019\u00e9l\u00e8ve pendant 20 ans Cet engagement, je le poursuis \u00e0 Thorigny-sur-Marne, en tant qu\u2019\u00e9lue depuis 2020 Le travail collectif que nous avons men\u00e9 sur le p\u00e9riscolaire et la petite enfance a permis l\u2019ouverture de deux centres de loisirs, d\u2019un Lieu d\u2019accueil parent enfant d\u00e9di\u00e9 \u00e0 la parentalit\u00e9, et d\u2019un relai petite enfance, d\u00e9di\u00e9 aux assistantes maternelles Ce sont des avanc\u00e9e concr\u00e8te pour les familles de notre commune. Si je soutiens Monsieur Da Silva, c\u2019est parce qu\u2019il sait rassembler, \u00e9couter et agir. Autour de lui, une \u00e9quipe porteuse, engag\u00e9e et profond\u00e9ment attach\u00e9e \u00e0 Thorigny, partage une m\u00eame ambition : faire avancer notre ville, pour aujourd\u2019hui et pour demain.<\/p>\n\n\n\n<figure class=\"wp-block-embed is-type-video is-provider-youtube wp-block-embed-youtube wp-embed-aspect-9-16 wp-has-aspect-ratio\"><div class=\"wp-block-embed__wrapper\">\n<iframe loading=\"lazy\" title=\"pr\u00e9sentation magali\" width=\"422\" height=\"750\" src=\"https:\/\/www.youtube.com\/embed\/12kv72QvPHM?feature=oembed\" frameborder=\"0\" allow=\"accelerometer; autoplay; clipboard-write; encrypted-media; gyroscope; picture-in-picture; web-share\" referrerpolicy=\"strict-origin-when-cross-origin\" allowfullscreen><\/iframe>\n<\/div><\/figure>\n","protected":false},"excerpt":{"rendered":"<p>Magali Chr\u00e9tien Bonjour, je m\u2019appelle Magali Chr\u00e9tien, j\u2019ai 47 ans, 3 enfants et j\u2019habite Thorigny-sur-Marne depuis 43 ans. J\u2019y suis arriv\u00e9e en 1982 avec mes parents et j\u2019ai choisi d\u2019y rester, car Thorigny est une ville \u00e0 taille humaine, agr\u00e9able et bien desservie par les transports. Depuis 23 ans, je suis engag\u00e9e au service de [&hellip;]<\/p>\n","protected":false},"author":1,"featured_media":0,"parent":0,"menu_order":0,"comment_status":"closed","ping_status":"closed","template":"","meta":{"footnotes":""},"class_list":["post-316","page","type-page","status-publish","hentry"],"_links":{"self":[{"href":"https:\/\/ensemble-pour-thorigny.ovh\/index.php\/wp-json\/wp\/v2\/pages\/316","targetHints":{"allow":["GET"]}}],"collection":[{"href":"https:\/\/ensemble-pour-thorigny.ovh\/index.php\/wp-json\/wp\/v2\/pages"}],"about":[{"href":"https:\/\/ensemble-pour-thorigny.ovh\/index.php\/wp-json\/wp\/v2\/types\/page"}],"author":[{"embeddable":true,"href":"https:\/\/ensemble-pour-thorigny.ovh\/index.php\/wp-json\/wp\/v2\/users\/1"}],"replies":[{"embeddable":true,"href":"https:\/\/ensemble-pour-thorigny.ovh\/index.php\/wp-json\/wp\/v2\/comments?post=316"}],"version-history":[{"count":2,"href":"https:\/\/ensemble-pour-thorigny.ovh\/index.php\/wp-json\/wp\/v2\/pages\/316\/revisions"}],"predecessor-version":[{"id":368,"href":"https:\/\/ensemble-pour-thorigny.ovh\/index.php\/wp-json\/wp\/v2\/pages\/316\/revisions\/368"}],"wp:attachment":[{"href":"https:\/\/ensemble-pour-thorigny.ovh\/index.php\/wp-json\/wp\/v2\/media?parent=316"}],"curies":[{"name":"wp","href":"https:\/\/api.w.org\/{rel}","templated":true}]}}