{"id":321,"date":"2026-02-03T08:00:37","date_gmt":"2026-02-03T08:00:37","guid":{"rendered":"https:\/\/ensemble-pour-thorigny.ovh\/?page_id=321"},"modified":"2026-02-03T08:00:37","modified_gmt":"2026-02-03T08:00:37","slug":"jacques-mezon","status":"publish","type":"page","link":"https:\/\/ensemble-pour-thorigny.ovh\/index.php\/jacques-mezon\/","title":{"rendered":"Jacques M\u00e9zon"},"content":{"rendered":"\n<p data-wp-context---core-fit-text=\"core\/fit-text::{&quot;fontSize&quot;:&quot;&quot;}\" data-wp-init---core-fit-text=\"core\/fit-text::callbacks.init\" data-wp-interactive data-wp-style--font-size=\"core\/fit-text::context.fontSize\" class=\"has-fit-text\">Jacques M\u00e9zon<\/p>\n\n\n\n<p>Je suis Jacques M\u00e9zon, 68 ans, install\u00e9 \u00e0 Thorigny depuis 2019, commune o\u00f9 je suis n\u00e9 et o\u00f9 j\u2019ai grandi. Ing\u00e9nieur de formation, j\u2019ai exerc\u00e9 dans une grande entreprise de l\u2019\u00e9nergie et de l\u2019environnement, travaillant d\u2019abord dans l\u2019industrie puis pendant plus de 20 ans au service des collectivit\u00e9s locales. En 2004, alors conseiller municipal charg\u00e9 de la jeunesse, j\u2019ai cr\u00e9\u00e9 l\u2019association R\u00e9agir 95 qui demeure aujourd\u2019hui la principale association du Val d\u2019Oise d\u00e9di\u00e9e \u00e0 la solidarit\u00e9 interg\u00e9n\u00e9rationnelle et \u00e0 la pr\u00e9vention de l\u2019isolement des personnes \u00e2g\u00e9es. Je poursuis d\u00e9sormais \u00e0 Thorigny mon engagement \u00e0 cr\u00e9er du lien, qu\u2019il s\u2019agisse, par exemple, de personnes \u00e2g\u00e9es ou de jeunes en difficult\u00e9 scolaire. Je me suis rapproch\u00e9 naturellement de Manuel Da Silva qui fait des solidarit\u00e9s un marqueur fort de son action municipale depuis 2020 et qu\u2019il a d\u00e9cid\u00e9 d\u2019amplifier au cours de son prochain mandat.<\/p>\n","protected":false},"excerpt":{"rendered":"<p>Jacques M\u00e9zon Je suis Jacques M\u00e9zon, 68 ans, install\u00e9 \u00e0 Thorigny depuis 2019, commune o\u00f9 je suis n\u00e9 et o\u00f9 j\u2019ai grandi. Ing\u00e9nieur de formation, j\u2019ai exerc\u00e9 dans une grande entreprise de l\u2019\u00e9nergie et de l\u2019environnement, travaillant d\u2019abord dans l\u2019industrie puis pendant plus de 20 ans au service des collectivit\u00e9s locales. En 2004, alors conseiller [&hellip;]<\/p>\n","protected":false},"author":1,"featured_media":0,"parent":0,"menu_order":0,"comment_status":"closed","ping_status":"closed","template":"","meta":{"footnotes":""},"class_list":["post-321","page","type-page","status-publish","hentry"],"_links":{"self":[{"href":"https:\/\/ensemble-pour-thorigny.ovh\/index.php\/wp-json\/wp\/v2\/pages\/321","targetHints":{"allow":["GET"]}}],"collection":[{"href":"https:\/\/ensemble-pour-thorigny.ovh\/index.php\/wp-json\/wp\/v2\/pages"}],"about":[{"href":"https:\/\/ensemble-pour-thorigny.ovh\/index.php\/wp-json\/wp\/v2\/types\/page"}],"author":[{"embeddable":true,"href":"https:\/\/ensemble-pour-thorigny.ovh\/index.php\/wp-json\/wp\/v2\/users\/1"}],"replies":[{"embeddable":true,"href":"https:\/\/ensemble-pour-thorigny.ovh\/index.php\/wp-json\/wp\/v2\/comments?post=321"}],"version-history":[{"count":1,"href":"https:\/\/ensemble-pour-thorigny.ovh\/index.php\/wp-json\/wp\/v2\/pages\/321\/revisions"}],"predecessor-version":[{"id":322,"href":"https:\/\/ensemble-pour-thorigny.ovh\/index.php\/wp-json\/wp\/v2\/pages\/321\/revisions\/322"}],"wp:attachment":[{"href":"https:\/\/ensemble-pour-thorigny.ovh\/index.php\/wp-json\/wp\/v2\/media?parent=321"}],"curies":[{"name":"wp","href":"https:\/\/api.w.org\/{rel}","templated":true}]}}