{"id":324,"date":"2026-02-03T08:01:49","date_gmt":"2026-02-03T08:01:49","guid":{"rendered":"https:\/\/ensemble-pour-thorigny.ovh\/?page_id=324"},"modified":"2026-02-03T08:01:49","modified_gmt":"2026-02-03T08:01:49","slug":"evelyne-santerre","status":"publish","type":"page","link":"https:\/\/ensemble-pour-thorigny.ovh\/index.php\/evelyne-santerre\/","title":{"rendered":"Evelyne Santerre"},"content":{"rendered":"\n<p data-wp-context---core-fit-text=\"core\/fit-text::{&quot;fontSize&quot;:&quot;&quot;}\" data-wp-init---core-fit-text=\"core\/fit-text::callbacks.init\" data-wp-interactive data-wp-style--font-size=\"core\/fit-text::context.fontSize\" class=\"has-fit-text\">Evelyne Santerre<\/p>\n\n\n\n<p>Je m\u2019appelle Evelyne Santerre, j\u2019ai 76 ans, et j\u2019ai toujours v\u00e9cu \u00e0 Thorigny, ma famille \u00e9tant originaire de cette ville, j\u2019ai donc grandi ici et y ai v\u00e9cu toute ma scolarit\u00e9, c\u2019est donc une ville que je connais tr\u00e8s bien, et si je ne l\u2019ai jamais quitt\u00e9 c\u2019est que j\u2019appr\u00e9cie beaucoup le cadre de vive, sa proximit\u00e9 avec la nature tout en \u00e9tant proche de tout ce qui est n\u00e9cessaire. Apr\u00e8s avoir travaill\u00e9 en comptabilit\u00e9 durant 40 ans, j\u2019ai toujours \u00e9t\u00e9 active dans la vie politique de la commune. J\u2019ai aussi pendant 20 ans \u00e9t\u00e9 dans l\u2019association \u201cMistigri\u201d d\u00e9di\u00e9 aux chats, et actuellement j\u2019aide r\u00e9guli\u00e8rement au vestiaire solidaire et j\u2019ai gard\u00e9 une petite activit\u00e9 professionnelle, faisant le transport des enfants scolaris\u00e9s en Ulis. Je soutiens Manuel Da Silva de la liste Ensemble pour Thorigny car c\u2019est un homme sinc\u00e8re et simple, un homme de terrain qui peut r\u00e9pondre \u00e0 toutes les questions sur sa commune car il la conna\u00eet tr\u00e8s bien, \u00e9tant activement engag\u00e9e depuis longtemps pour Thorigny sur marne.<\/p>\n","protected":false},"excerpt":{"rendered":"<p>Evelyne Santerre Je m\u2019appelle Evelyne Santerre, j\u2019ai 76 ans, et j\u2019ai toujours v\u00e9cu \u00e0 Thorigny, ma famille \u00e9tant originaire de cette ville, j\u2019ai donc grandi ici et y ai v\u00e9cu toute ma scolarit\u00e9, c\u2019est donc une ville que je connais tr\u00e8s bien, et si je ne l\u2019ai jamais quitt\u00e9 c\u2019est que j\u2019appr\u00e9cie beaucoup le cadre [&hellip;]<\/p>\n","protected":false},"author":1,"featured_media":0,"parent":0,"menu_order":0,"comment_status":"closed","ping_status":"closed","template":"","meta":{"footnotes":""},"class_list":["post-324","page","type-page","status-publish","hentry"],"_links":{"self":[{"href":"https:\/\/ensemble-pour-thorigny.ovh\/index.php\/wp-json\/wp\/v2\/pages\/324","targetHints":{"allow":["GET"]}}],"collection":[{"href":"https:\/\/ensemble-pour-thorigny.ovh\/index.php\/wp-json\/wp\/v2\/pages"}],"about":[{"href":"https:\/\/ensemble-pour-thorigny.ovh\/index.php\/wp-json\/wp\/v2\/types\/page"}],"author":[{"embeddable":true,"href":"https:\/\/ensemble-pour-thorigny.ovh\/index.php\/wp-json\/wp\/v2\/users\/1"}],"replies":[{"embeddable":true,"href":"https:\/\/ensemble-pour-thorigny.ovh\/index.php\/wp-json\/wp\/v2\/comments?post=324"}],"version-history":[{"count":1,"href":"https:\/\/ensemble-pour-thorigny.ovh\/index.php\/wp-json\/wp\/v2\/pages\/324\/revisions"}],"predecessor-version":[{"id":325,"href":"https:\/\/ensemble-pour-thorigny.ovh\/index.php\/wp-json\/wp\/v2\/pages\/324\/revisions\/325"}],"wp:attachment":[{"href":"https:\/\/ensemble-pour-thorigny.ovh\/index.php\/wp-json\/wp\/v2\/media?parent=324"}],"curies":[{"name":"wp","href":"https:\/\/api.w.org\/{rel}","templated":true}]}}