{"id":346,"date":"2026-02-11T13:10:49","date_gmt":"2026-02-11T13:10:49","guid":{"rendered":"https:\/\/ensemble-pour-thorigny.ovh\/?page_id=346"},"modified":"2026-02-11T13:10:49","modified_gmt":"2026-02-11T13:10:49","slug":"mostafa-wadaa","status":"publish","type":"page","link":"https:\/\/ensemble-pour-thorigny.ovh\/index.php\/mostafa-wadaa\/","title":{"rendered":"Mostafa Wadaa"},"content":{"rendered":"\n<p data-wp-context---core-fit-text=\"core\/fit-text::{&quot;fontSize&quot;:&quot;&quot;}\" data-wp-init---core-fit-text=\"core\/fit-text::callbacks.init\" data-wp-interactive data-wp-style--font-size=\"core\/fit-text::context.fontSize\" class=\"has-fit-text\">Mostafa Wadaa<\/p>\n\n\n\n<p>Je m\u2019appelle Mostafa Wadaa, j\u2019ai 65 ans et j\u2019habite \u00e0 Thorigny depuis pr\u00e8s de 27 ans. Je suis arriv\u00e9 \u00e0 Thorigny un peu par hasard en 1999, et je n\u2019en suis jamais reparti. Avec ma famille, nous y avons trouv\u00e9 un v\u00e9ritable \u00e9quilibre et un cadre de vie id\u00e9al pour l\u2019\u00e9ducation de nos trois enfants. Artisan depuis plus de 37 ans, j\u2019ai exerc\u00e9 le m\u00e9tier de restaurateur pendant 32 ans avant de devenir, depuis 5 ans, taxi conventionn\u00e9. En parall\u00e8le, j\u2019ai rejoint Manuel Da Silva en tant que conseiller municipal en charge des commer\u00e7ants et des entreprises. Mon exp\u00e9rience professionnelle m\u2019a permis d\u2019\u00eatre au plus pr\u00e8s de leurs r\u00e9alit\u00e9s et de comprendre concr\u00e8tement leurs besoins. Je soutiens Manuel Da Silva parce qu\u2019il est avant tout un homme de parole, proche des habitants de Thorigny, attentif \u00e0 leurs pr\u00e9occupations et toujours pr\u00e9sent pour les soutenir.<\/p>\n","protected":false},"excerpt":{"rendered":"<p>Mostafa Wadaa Je m\u2019appelle Mostafa Wadaa, j\u2019ai 65 ans et j\u2019habite \u00e0 Thorigny depuis pr\u00e8s de 27 ans. Je suis arriv\u00e9 \u00e0 Thorigny un peu par hasard en 1999, et je n\u2019en suis jamais reparti. Avec ma famille, nous y avons trouv\u00e9 un v\u00e9ritable \u00e9quilibre et un cadre de vie id\u00e9al pour l\u2019\u00e9ducation de nos [&hellip;]<\/p>\n","protected":false},"author":1,"featured_media":0,"parent":0,"menu_order":0,"comment_status":"closed","ping_status":"closed","template":"","meta":{"footnotes":""},"class_list":["post-346","page","type-page","status-publish","hentry"],"_links":{"self":[{"href":"https:\/\/ensemble-pour-thorigny.ovh\/index.php\/wp-json\/wp\/v2\/pages\/346","targetHints":{"allow":["GET"]}}],"collection":[{"href":"https:\/\/ensemble-pour-thorigny.ovh\/index.php\/wp-json\/wp\/v2\/pages"}],"about":[{"href":"https:\/\/ensemble-pour-thorigny.ovh\/index.php\/wp-json\/wp\/v2\/types\/page"}],"author":[{"embeddable":true,"href":"https:\/\/ensemble-pour-thorigny.ovh\/index.php\/wp-json\/wp\/v2\/users\/1"}],"replies":[{"embeddable":true,"href":"https:\/\/ensemble-pour-thorigny.ovh\/index.php\/wp-json\/wp\/v2\/comments?post=346"}],"version-history":[{"count":1,"href":"https:\/\/ensemble-pour-thorigny.ovh\/index.php\/wp-json\/wp\/v2\/pages\/346\/revisions"}],"predecessor-version":[{"id":347,"href":"https:\/\/ensemble-pour-thorigny.ovh\/index.php\/wp-json\/wp\/v2\/pages\/346\/revisions\/347"}],"wp:attachment":[{"href":"https:\/\/ensemble-pour-thorigny.ovh\/index.php\/wp-json\/wp\/v2\/media?parent=346"}],"curies":[{"name":"wp","href":"https:\/\/api.w.org\/{rel}","templated":true}]}}