{"id":348,"date":"2026-02-11T13:11:39","date_gmt":"2026-02-11T13:11:39","guid":{"rendered":"https:\/\/ensemble-pour-thorigny.ovh\/?page_id=348"},"modified":"2026-02-11T13:11:39","modified_gmt":"2026-02-11T13:11:39","slug":"sandrine-teyssedre","status":"publish","type":"page","link":"https:\/\/ensemble-pour-thorigny.ovh\/index.php\/sandrine-teyssedre\/","title":{"rendered":"Sandrine Teyss\u00e8dre"},"content":{"rendered":"\n<p data-wp-context---core-fit-text=\"core\/fit-text::{&quot;fontSize&quot;:&quot;&quot;}\" data-wp-init---core-fit-text=\"core\/fit-text::callbacks.init\" data-wp-interactive data-wp-style--font-size=\"core\/fit-text::context.fontSize\" class=\"has-fit-text\">Sandrine Teyss\u00e8dre<\/p>\n\n\n\n<p>Je m\u2019appelle Sandrine Teyss\u00e8dre et je vis \u00e0 Thorigny depuis neuf ans maintenant. Quand j\u2019ai choisi de m\u2019y installer, je cherchais une ville \u00e0 taille humaine, bien connect\u00e9e \u00e0 Paris, et avec une vie associative dynamique. \u00c0 Thorigny, j\u2019ai trouv\u00e9 ce cadre de vie agr\u00e9able, avec une vraie proximit\u00e9 entre les habitants et de nombreux services du quotidien. Je suis chef de projet informatique, et mon fils a effectu\u00e9 toute sa scolarit\u00e9 ici, \u00e0 Thorigny. Cela m\u2019a permis de mieux conna\u00eetre la vie \u00e9ducative de la commune et les acteurs locaux qui s\u2019y investissent chaque jour. Souhaitant contribuer davantage \u00e0 la vie de la commune, j\u2019ai rejoint le monde associatif en devenant membre de l\u2019association des parents d\u2019\u00e9l\u00e8ves. Cet engagement m\u2019a permis de comprendre le fonctionnement des \u00e9coles, d\u2019\u00e9changer avec de nombreuses familles, et surtout de participer \u00e0 des actions concr\u00e8tes pour les enfants. Thorigny est une commune o\u00f9 il fait vraiment bon vivre et mon engagement vient simplement de cette envie de participer \u00e0 la vie locale et d\u2019agir pour le bien de ses habitants. Je soutiens Manuel Da Silva, parce que c\u2019est une personne accessible, qu\u2019il est entour\u00e9 de personnes de tous profils qui ont une volont\u00e9 commune : s\u2019investir pour tous les habitants de Thorigny tout en pr\u00e9servant leur cadre de vie.<\/p>\n","protected":false},"excerpt":{"rendered":"<p>Sandrine Teyss\u00e8dre Je m\u2019appelle Sandrine Teyss\u00e8dre et je vis \u00e0 Thorigny depuis neuf ans maintenant. Quand j\u2019ai choisi de m\u2019y installer, je cherchais une ville \u00e0 taille humaine, bien connect\u00e9e \u00e0 Paris, et avec une vie associative dynamique. \u00c0 Thorigny, j\u2019ai trouv\u00e9 ce cadre de vie agr\u00e9able, avec une vraie proximit\u00e9 entre les habitants et [&hellip;]<\/p>\n","protected":false},"author":1,"featured_media":0,"parent":0,"menu_order":0,"comment_status":"closed","ping_status":"closed","template":"","meta":{"footnotes":""},"class_list":["post-348","page","type-page","status-publish","hentry"],"_links":{"self":[{"href":"https:\/\/ensemble-pour-thorigny.ovh\/index.php\/wp-json\/wp\/v2\/pages\/348","targetHints":{"allow":["GET"]}}],"collection":[{"href":"https:\/\/ensemble-pour-thorigny.ovh\/index.php\/wp-json\/wp\/v2\/pages"}],"about":[{"href":"https:\/\/ensemble-pour-thorigny.ovh\/index.php\/wp-json\/wp\/v2\/types\/page"}],"author":[{"embeddable":true,"href":"https:\/\/ensemble-pour-thorigny.ovh\/index.php\/wp-json\/wp\/v2\/users\/1"}],"replies":[{"embeddable":true,"href":"https:\/\/ensemble-pour-thorigny.ovh\/index.php\/wp-json\/wp\/v2\/comments?post=348"}],"version-history":[{"count":1,"href":"https:\/\/ensemble-pour-thorigny.ovh\/index.php\/wp-json\/wp\/v2\/pages\/348\/revisions"}],"predecessor-version":[{"id":349,"href":"https:\/\/ensemble-pour-thorigny.ovh\/index.php\/wp-json\/wp\/v2\/pages\/348\/revisions\/349"}],"wp:attachment":[{"href":"https:\/\/ensemble-pour-thorigny.ovh\/index.php\/wp-json\/wp\/v2\/media?parent=348"}],"curies":[{"name":"wp","href":"https:\/\/api.w.org\/{rel}","templated":true}]}}