{"id":350,"date":"2026-02-11T13:12:58","date_gmt":"2026-02-11T13:12:58","guid":{"rendered":"https:\/\/ensemble-pour-thorigny.ovh\/?page_id=350"},"modified":"2026-02-11T13:12:58","modified_gmt":"2026-02-11T13:12:58","slug":"anne-lyse-greuzat","status":"publish","type":"page","link":"https:\/\/ensemble-pour-thorigny.ovh\/index.php\/anne-lyse-greuzat\/","title":{"rendered":"Anne-Lyse Greuzat"},"content":{"rendered":"\n<p data-wp-context---core-fit-text=\"core\/fit-text::{&quot;fontSize&quot;:&quot;&quot;}\" data-wp-init---core-fit-text=\"core\/fit-text::callbacks.init\" data-wp-interactive data-wp-style--font-size=\"core\/fit-text::context.fontSize\" class=\"has-fit-text\">Anne-Lyse Greuzat <\/p>\n\n\n\n<p>Je m\u2019appelle Anne-Lyse Greuzat et je vis \u00e0 Thorigny depuis plus de trente ans. Mes deux enfants, aujourd\u2019hui adultes, ont \u00e9t\u00e9 scolaris\u00e9s, \u00e0 l\u2019\u00e9cole des Pointes puis au coll\u00e8ge du Moulin \u00e0 Vent. C\u2019est l\u00e0 qu\u2019est n\u00e9 mon engagement local, au sein des associations de parents d\u2019\u00e9l\u00e8ves et aussi en tant qu\u2019\u00e9lue de 2001 \u00e0 2008. Aujourd\u2019hui, je suis adjointe au maire en charge du cadre de vie, du logement et de l\u2019habitat, et charg\u00e9e d\u2019\u00e9tudes dans le domaine environnemental. Depuis plus de vingt ans, je m\u2019investis dans la vie politique locale avec une id\u00e9e simple : une ville se construit avec ses habitants, respecte son environnement et am\u00e9liore concr\u00e8tement le quotidien. Durant ce mandat, j\u2019ai \u0153uvr\u00e9 pour pr\u00e9server les espaces verts, am\u00e9liorer les espaces publics, d\u00e9velopper un habitat plus \u00e9quilibr\u00e9, et int\u00e9grer les enjeux \u00e9cologiques au c\u0153ur des projets urbains. Aux c\u00f4t\u00e9s de Manuel Da Silva et de la liste Ensemble pour Thorigny, je souhaite aujourd\u2019hui poursuivre cet engagement avec la m\u00eame exigence et la m\u00eame \u00e9nergie, pour accompagner l\u2019\u00e9volution de Thorigny dans le respect de ses valeurs humaines.<\/p>\n","protected":false},"excerpt":{"rendered":"<p>Anne-Lyse Greuzat Je m\u2019appelle Anne-Lyse Greuzat et je vis \u00e0 Thorigny depuis plus de trente ans. Mes deux enfants, aujourd\u2019hui adultes, ont \u00e9t\u00e9 scolaris\u00e9s, \u00e0 l\u2019\u00e9cole des Pointes puis au coll\u00e8ge du Moulin \u00e0 Vent. C\u2019est l\u00e0 qu\u2019est n\u00e9 mon engagement local, au sein des associations de parents d\u2019\u00e9l\u00e8ves et aussi en tant qu\u2019\u00e9lue de [&hellip;]<\/p>\n","protected":false},"author":1,"featured_media":0,"parent":0,"menu_order":0,"comment_status":"closed","ping_status":"closed","template":"","meta":{"footnotes":""},"class_list":["post-350","page","type-page","status-publish","hentry"],"_links":{"self":[{"href":"https:\/\/ensemble-pour-thorigny.ovh\/index.php\/wp-json\/wp\/v2\/pages\/350","targetHints":{"allow":["GET"]}}],"collection":[{"href":"https:\/\/ensemble-pour-thorigny.ovh\/index.php\/wp-json\/wp\/v2\/pages"}],"about":[{"href":"https:\/\/ensemble-pour-thorigny.ovh\/index.php\/wp-json\/wp\/v2\/types\/page"}],"author":[{"embeddable":true,"href":"https:\/\/ensemble-pour-thorigny.ovh\/index.php\/wp-json\/wp\/v2\/users\/1"}],"replies":[{"embeddable":true,"href":"https:\/\/ensemble-pour-thorigny.ovh\/index.php\/wp-json\/wp\/v2\/comments?post=350"}],"version-history":[{"count":1,"href":"https:\/\/ensemble-pour-thorigny.ovh\/index.php\/wp-json\/wp\/v2\/pages\/350\/revisions"}],"predecessor-version":[{"id":351,"href":"https:\/\/ensemble-pour-thorigny.ovh\/index.php\/wp-json\/wp\/v2\/pages\/350\/revisions\/351"}],"wp:attachment":[{"href":"https:\/\/ensemble-pour-thorigny.ovh\/index.php\/wp-json\/wp\/v2\/media?parent=350"}],"curies":[{"name":"wp","href":"https:\/\/api.w.org\/{rel}","templated":true}]}}