{"id":401,"date":"2026-02-24T07:35:12","date_gmt":"2026-02-24T07:35:12","guid":{"rendered":"https:\/\/ensemble-pour-thorigny.ovh\/?page_id=401"},"modified":"2026-02-24T07:35:12","modified_gmt":"2026-02-24T07:35:12","slug":"sandrine-macquart","status":"publish","type":"page","link":"https:\/\/ensemble-pour-thorigny.ovh\/index.php\/sandrine-macquart\/","title":{"rendered":"Sandrine Macquart"},"content":{"rendered":"\n<p data-wp-context---core-fit-text=\"core\/fit-text::{&quot;fontSize&quot;:&quot;&quot;}\" data-wp-init---core-fit-text=\"core\/fit-text::callbacks.init\" data-wp-interactive data-wp-style--font-size=\"core\/fit-text::context.fontSize\" class=\"has-fit-text\">Sandrine Macquart<\/p>\n\n\n\n<p>60 ans &#8211; Directrice de PME<\/p>\n\n\n\n<p>Il y a 35 ans, Thorigny s\u2019est av\u00e9r\u00e9e la ville regroupant tous mes v\u0153ux pour y fonder ma famille : une ville \u00e0 taille humaine, \u00ab mi-campagne mi ville \u00bb, \u00e0 proximit\u00e9 des transports, des \u00e9tablissements de soins, des infrastructures scolaires et de loisirs, mais aussi des champs, des bois, de la Marne. Id\u00e9al pour se reposer apr\u00e8s les journ\u00e9es de travail.<\/p>\n\n\n\n<p>Mes enfants ont fr\u00e9quent\u00e9 les \u00e9coles et le coll\u00e8ge \u00e0 Thorigny. De ce fait je me suis engag\u00e9e dans une association ind\u00e9pendante de parents d\u2019\u00e9l\u00e8ves pour participer \u00e0 la vie scolaire.<\/p>\n\n\n\n<p>J\u2019ai travaill\u00e9, il y a quelques ann\u00e9es avec Manuel DA SILVA, j\u2019ai pu juger \u00e0 cette \u00e9poque de son envie d\u2019agir au mieux pour notre ville. C\u2019est un homme de terrain et de proximit\u00e9.<\/p>\n\n\n\n<p>C\u2019est pourquoi je lui apporte mon soutien car il saura continuer avec son \u00e9quipe \u00e0 travailler pour le bien de Thorigny.<\/p>\n","protected":false},"excerpt":{"rendered":"<p>Sandrine Macquart 60 ans &#8211; Directrice de PME Il y a 35 ans, Thorigny s\u2019est av\u00e9r\u00e9e la ville regroupant tous mes v\u0153ux pour y fonder ma famille : une ville \u00e0 taille humaine, \u00ab mi-campagne mi ville \u00bb, \u00e0 proximit\u00e9 des transports, des \u00e9tablissements de soins, des infrastructures scolaires et de loisirs, mais aussi des [&hellip;]<\/p>\n","protected":false},"author":1,"featured_media":0,"parent":0,"menu_order":0,"comment_status":"closed","ping_status":"closed","template":"","meta":{"footnotes":""},"class_list":["post-401","page","type-page","status-publish","hentry"],"_links":{"self":[{"href":"https:\/\/ensemble-pour-thorigny.ovh\/index.php\/wp-json\/wp\/v2\/pages\/401","targetHints":{"allow":["GET"]}}],"collection":[{"href":"https:\/\/ensemble-pour-thorigny.ovh\/index.php\/wp-json\/wp\/v2\/pages"}],"about":[{"href":"https:\/\/ensemble-pour-thorigny.ovh\/index.php\/wp-json\/wp\/v2\/types\/page"}],"author":[{"embeddable":true,"href":"https:\/\/ensemble-pour-thorigny.ovh\/index.php\/wp-json\/wp\/v2\/users\/1"}],"replies":[{"embeddable":true,"href":"https:\/\/ensemble-pour-thorigny.ovh\/index.php\/wp-json\/wp\/v2\/comments?post=401"}],"version-history":[{"count":1,"href":"https:\/\/ensemble-pour-thorigny.ovh\/index.php\/wp-json\/wp\/v2\/pages\/401\/revisions"}],"predecessor-version":[{"id":402,"href":"https:\/\/ensemble-pour-thorigny.ovh\/index.php\/wp-json\/wp\/v2\/pages\/401\/revisions\/402"}],"wp:attachment":[{"href":"https:\/\/ensemble-pour-thorigny.ovh\/index.php\/wp-json\/wp\/v2\/media?parent=401"}],"curies":[{"name":"wp","href":"https:\/\/api.w.org\/{rel}","templated":true}]}}